{"id":28,"date":"2021-02-15T15:46:51","date_gmt":"2021-02-15T15:46:51","guid":{"rendered":"https:\/\/ventilacionindustrial.net\/web\/home\/"},"modified":"2024-10-19T19:09:18","modified_gmt":"2024-10-19T19:09:18","slug":"ventilacion-industrial","status":"publish","type":"page","link":"https:\/\/ventilacionindustrial.net\/web\/","title":{"rendered":"Inicio"},"content":{"rendered":"\n\n\nQUIENES SOMOS\n\n\n<p><font style=\"vertical-align: inherit;\"><font style=\"vertical-align: inherit;\"><font style=\"vertical-align: inherit;\"><font style=\"vertical-align: inherit;\">Suministros y servicios industriales &#8211; Sumservis SAS<\/font><\/font><\/font><\/font><\/p><p><br><\/p><p><font style=\"vertical-align: inherit;\"><font style=\"vertical-align: inherit;\"><font style=\"vertical-align: inherit;\"><font style=\"vertical-align: inherit;\">Somos una empresa colombiana, fundada en el a\u00f1o 1999 en la ciudad de Melgar &#8211; Tolima, creada con el objetivo de generar empleo y satisfacer la creciente demanda de soluciones de ventilaci\u00f3n para todo tipo de industrias y empresas.<\/font><\/font><\/font><\/font><\/p><p><br><\/p><p><span><font style=\"vertical-align: inherit;\"><font style=\"vertical-align: inherit;\"><font style=\"vertical-align: inherit;\"><font style=\"vertical-align: inherit;\">Somos expertos en soluciones de aire acondicionado, ventilaci\u00f3n industrial, cuartos fr\u00edos y cortinas enrollables autom\u00e1ticas.<\/font><\/font><\/font><\/font><\/span><\/p><p><br><\/p><p><font style=\"vertical-align: inherit;\"><font style=\"vertical-align: inherit;\"><font style=\"vertical-align: inherit;\"><font style=\"vertical-align: inherit;\">Actualmente atendemos desde la ciudad de Bogot\u00e1 DC Colombia a todo el p\u00edas&nbsp;<\/font><\/font><\/font><\/font><\/p>\n\n\n\n\n\n\n\n\n\n\n\n\n\n\n\nNuestra Misi\u00f3n\n\n\n<p>Satisfacer nuestros clientes, con la mejor calidad<\/p>\n\n\n<p><font style=\"vertical-align: inherit;\"><font style=\"vertical-align: inherit;\">Estamos comprometidos con la satisfacci\u00f3n total de nuestros clientes, para ello ofrecemos excelentes tiempos de respuesta y atenci\u00f3n personalizada, contamos con un equipo experto de profesionales y t\u00e9cnicos en el campo del aire acondicionado, ventilaci\u00f3n&nbsp; industrial y todo tipo de cuartos fr\u00edos.&nbsp;&nbsp;<\/font><\/font><\/p>\n\n\n\n\n\n<p>nuestros Servicios<\/p>\n\n\n\n\n<p style=\"font-size: 14px;\"><font style=\"vertical-align: inherit;\"><font style=\"vertical-align: inherit;\">Suministro e instalaci\u00f3n, de aires acondicionados para el sector industrial y comercial, manejamos las mejores marcas (Tipo Split, Chillers, paquetes, VRF variable y de precisi\u00f3n).<\/font><\/font><\/p>\n<p style=\"opacity: 1; transition: all 0.1s ease 0s;\"><font style=\"vertical-align: inherit;\"><font style=\"vertical-align: inherit;\">Somos distribuidores de motores para cortinas autom\u00e1ticas marca HulK de todas las capacidades.<\/font><\/font><\/p>\n\n\n<p style=\"font-size: 14px;\"><font style=\"vertical-align: inherit;\"><font style=\"vertical-align: inherit;\">Somos fabricantes de todo tipo de sistemas de ventilaci\u00f3n industrial de extracci\u00f3n, campanas, extractores, ductos en lamina galvanizada y en todo tipo de materiales, para extracci\u00f3n de vapores, material particulado, cabinas de pintura, y de olores para ba\u00f1os.<\/font><\/font><\/p>\n\n\n<p style=\"font-size: 14px;\"><font style=\"vertical-align: inherit;\"><font style=\"vertical-align: inherit;\">Especialistas en soluciones de fabricaci\u00f3n de cuartos fr\u00edos&nbsp; para productos de la industria, conservaci\u00f3n de alimentos, garantizando el buen funcionamiento a trav\u00e9s de nuestros cronogramas de mantenimiento.<\/font><\/font><\/p>\n<p style=\"font-size: 14px;\"><font style=\"vertical-align: inherit;\"><font style=\"vertical-align: inherit;\">Suministro e Instalaci\u00f3n y mantenimiento preventivo y correctivo de cortinas enrollables el\u00e9ctricas y autom\u00e1ticas a nivel nacional.&nbsp;<\/font><\/font><\/p>\n\n\n\n\n\n\n\nConvertimos tus ideas en realidad\n\n\n\n<p style=\"text-align: center; font-size: 14px;\">Somos un equipo multidisciplinario, especialmente conformado para satisfacer las necesidades espec\u00edficas de nuestros clientes.<\/p><p style=\"text-align: center; font-size: 14px;\">Si tienes un proyecto de dise\u00f1o, suministro, instalaci\u00f3n o mantenimiento en alguna de nuestras categor\u00edas no dudes en contactarnos. D\u00e9janos tus datos y pronto un asesor se comunicar\u00e1 para agendar una visita.<\/p>\n\n\n\n\n\n\n\n<p>nuestros mejores proyectos &#8211; Clientes<\/p>\n\n\n\n\n\n\n\n\n\n\n\n\n\n\nTestimonios\n\n\n\n\n\n\n\n<p><span>\u00abEl servicio proporcionado por Sumservis fue oportuno y de muy buena calidad, me gust\u00f3 que tienen especial cuidado con los terminados finales.\u00bb<\/span><\/p>\n\n\n\n\n<p>\u00abEncargamos la instalaci\u00f3n de los equipos de aire acondicionado en nuestras oficinas con SUMSERVIS SAS y hemos tenido muy buena experiencia hasta ahora, sobre todo con el servicio posventa.\u00bb<br><\/p>\n\n\n\n\n<p><span>\u00abEstoy muy contenta con el mantenimiento de los cuartos fr\u00edos que encargamos a la empresa, Muchas gracias por su colaboraci\u00f3n\u00bb<\/span><br><\/p>\n\n\n\n","protected":false},"excerpt":{"rendered":"","protected":false},"author":1,"featured_media":0,"parent":0,"menu_order":0,"comment_status":"closed","ping_status":"closed","template":"","meta":{"footnotes":""},"class_list":["post-28","page","type-page","status-publish","hentry"],"yoast_head":"<!-- This site is optimized with the Yoast SEO plugin v16.1.1 - https:\/\/yoast.com\/wordpress\/plugins\/seo\/ -->\n<title>Ventilaci\u00f3n Industrial - Compra e Instala con nosotros<\/title>\n<meta name=\"description\" content=\"Somos expertos en soluciones de refrigeraci\u00f3n, aire acondicionado, cuarto fr\u00edos y ventilaci\u00f3n industrial. Servicio en toda Colombia.\" \/>\n<link rel=\"canonical\" href=\"https:\/\/ventilacionindustrial.net\/web\/\" \/>\n<meta property=\"og:locale\" content=\"es_ES\" \/>\n<meta property=\"og:type\" content=\"article\" \/>\n<meta property=\"og:title\" content=\"Ventilaci\u00f3n Industrial - Compra e Instala con nosotros\" \/>\n<meta property=\"og:description\" content=\"Somos expertos en soluciones de refrigeraci\u00f3n, aire acondicionado, cuarto fr\u00edos y ventilaci\u00f3n industrial. Servicio en toda Colombia.\" \/>\n<meta property=\"og:url\" content=\"https:\/\/ventilacionindustrial.net\/web\/\" \/>\n<meta property=\"og:site_name\" content=\"SUMSERVIS\" \/>\n<meta property=\"article:modified_time\" content=\"2024-10-19T19:09:18+00:00\" \/>\n<meta name=\"twitter:card\" content=\"summary_large_image\" \/>\n<meta name=\"twitter:label1\" content=\"Tiempo de lectura\">\n\t<meta name=\"twitter:data1\" content=\"2 minutos\">\n<script type=\"application\/ld+json\" class=\"yoast-schema-graph\">{\"@context\":\"https:\/\/schema.org\",\"@graph\":[{\"@type\":\"Organization\",\"@id\":\"https:\/\/ventilacionindustrial.net\/web\/#organization\",\"name\":\"SUMSERVIS SAS\",\"url\":\"https:\/\/ventilacionindustrial.net\/web\/\",\"sameAs\":[],\"logo\":{\"@type\":\"ImageObject\",\"@id\":\"https:\/\/ventilacionindustrial.net\/web\/#logo\",\"inLanguage\":\"es\",\"url\":\"https:\/\/ventilacionindustrial.net\/web\/wp-content\/uploads\/2024\/02\/LOGO-SUMSERVIS.jpg\",\"contentUrl\":\"https:\/\/ventilacionindustrial.net\/web\/wp-content\/uploads\/2024\/02\/LOGO-SUMSERVIS.jpg\",\"width\":196,\"height\":61,\"caption\":\"SUMSERVIS SAS\"},\"image\":{\"@id\":\"https:\/\/ventilacionindustrial.net\/web\/#logo\"}},{\"@type\":\"WebSite\",\"@id\":\"https:\/\/ventilacionindustrial.net\/web\/#website\",\"url\":\"https:\/\/ventilacionindustrial.net\/web\/\",\"name\":\"SUMSERVIS Mantenimiento e Instalaci\\u00f3n de Ventilaci\\u00f3n Industrial\",\"description\":\"Ventilaci\\u00f3n Industrial\",\"publisher\":{\"@id\":\"https:\/\/ventilacionindustrial.net\/web\/#organization\"},\"potentialAction\":[{\"@type\":\"SearchAction\",\"target\":\"https:\/\/ventilacionindustrial.net\/web\/?s={search_term_string}\",\"query-input\":\"required name=search_term_string\"}],\"inLanguage\":\"es\"},{\"@type\":\"WebPage\",\"@id\":\"https:\/\/ventilacionindustrial.net\/web\/#webpage\",\"url\":\"https:\/\/ventilacionindustrial.net\/web\/\",\"name\":\"Ventilaci\\u00f3n Industrial - Compra e Instala con nosotros\",\"isPartOf\":{\"@id\":\"https:\/\/ventilacionindustrial.net\/web\/#website\"},\"datePublished\":\"2021-02-15T15:46:51+00:00\",\"dateModified\":\"2024-10-19T19:09:18+00:00\",\"description\":\"Somos expertos en soluciones de refrigeraci\\u00f3n, aire acondicionado, cuarto fr\\u00edos y ventilaci\\u00f3n industrial. Servicio en toda Colombia.\",\"breadcrumb\":{\"@id\":\"https:\/\/ventilacionindustrial.net\/web\/#breadcrumb\"},\"inLanguage\":\"es\",\"potentialAction\":[{\"@type\":\"ReadAction\",\"target\":[\"https:\/\/ventilacionindustrial.net\/web\/\"]}]},{\"@type\":\"BreadcrumbList\",\"@id\":\"https:\/\/ventilacionindustrial.net\/web\/#breadcrumb\",\"itemListElement\":[{\"@type\":\"ListItem\",\"position\":1,\"item\":{\"@type\":\"WebPage\",\"@id\":\"https:\/\/ventilacionindustrial.net\/web\/\",\"url\":\"https:\/\/ventilacionindustrial.net\/web\/\",\"name\":\"Portada\"}},{\"@type\":\"ListItem\",\"position\":2,\"item\":{\"@type\":\"WebPage\",\"@id\":\"https:\/\/ventilacionindustrial.net\/web\/\",\"url\":\"https:\/\/ventilacionindustrial.net\/web\/\",\"name\":\"Inicio\"}}]}]}<\/script>\n<!-- \/ Yoast SEO plugin. -->","_links":{"self":[{"href":"https:\/\/ventilacionindustrial.net\/web\/wp-json\/wp\/v2\/pages\/28","targetHints":{"allow":["GET"]}}],"collection":[{"href":"https:\/\/ventilacionindustrial.net\/web\/wp-json\/wp\/v2\/pages"}],"about":[{"href":"https:\/\/ventilacionindustrial.net\/web\/wp-json\/wp\/v2\/types\/page"}],"author":[{"embeddable":true,"href":"https:\/\/ventilacionindustrial.net\/web\/wp-json\/wp\/v2\/users\/1"}],"replies":[{"embeddable":true,"href":"https:\/\/ventilacionindustrial.net\/web\/wp-json\/wp\/v2\/comments?post=28"}],"version-history":[{"count":67,"href":"https:\/\/ventilacionindustrial.net\/web\/wp-json\/wp\/v2\/pages\/28\/revisions"}],"predecessor-version":[{"id":217,"href":"https:\/\/ventilacionindustrial.net\/web\/wp-json\/wp\/v2\/pages\/28\/revisions\/217"}],"wp:attachment":[{"href":"https:\/\/ventilacionindustrial.net\/web\/wp-json\/wp\/v2\/media?parent=28"}],"curies":[{"name":"wp","href":"https:\/\/api.w.org\/{rel}","templated":true}]}}